{"id":2966,"date":"2019-06-10T03:44:12","date_gmt":"2019-06-10T03:44:12","guid":{"rendered":"https:\/\/gp.sarvanshu.com\/gardens\/community-gardens\/"},"modified":"2019-07-17T14:45:25","modified_gmt":"2019-07-17T14:45:25","slug":"community-gardens","status":"publish","type":"gardens","link":"https:\/\/www.gardenpromenade.ca\/fr\/gardens\/community-gardens\/","title":{"rendered":"Jardins communautaires"},"content":{"rendered":"<h4>\u00c0 propos du r\u00e9seau de jardinage communautaire<br \/>\nCe r\u00e9seau a d\u00e9but\u00e9 \u00e0 Ottawa en 1997, il a 22 ans cette ann\u00e9e!<\/h4>\n<ul>\n<li>Install\u00e9 \u00e0 l\u2019organisation Just Food &#8211; pour plus d\u2019informations, voir <a href=\"https:\/\/justfood.ca\">Just Food<\/a><\/li>\n<li>Plus de 90 jardins communautaires \u00e0 travers Ottawa et plus de 40 jardins scolaires<\/li>\n<li>Des ateliers de jardinage \u00e0 chaque ann\u00e9e<\/li>\n<li>Avoir un Fonds de d\u00e9veloppement de jardins communautaires annuel pour soutenir financi\u00e8rement les nouveaux jardins et maintenir ou agrandir les jardins existants.<\/li>\n<\/ul>\n<p>&nbsp;<\/p>\n<hr \/>\n<p>&nbsp;<\/p>\n<h4><strong>JARDIN COMMUNAUTAIRE DU PARC BREWER<\/strong><\/h4>\n<p><img class=\"alignright\" src=\"http:\/\/www.gardenpromenade.ca\/wp-content\/uploads\/2017\/06\/Brewer-park-300x225.jpg\" \/><\/p>\n<p><strong>Nom du jardin : <\/strong>Jardin communautaire du Parc Brewer<br \/>\n<strong>Lieu :<\/strong> Parc Brewer<br \/>\n<strong>Adresse :<\/strong> <span style=\"font-weight: 400;\">100, prom. Brewer, Ottawa<\/span><br \/>\n<strong>Parcours Promenade des jardins :<\/strong>\u00a0<a href=\"https:\/\/www.gardenpromenade.ca\/fr\/garden_routes\/more-gardens\/\">Plus de jardins<\/a><br \/>\n<strong>Num\u00e9ro du jardin :<\/strong> 5<\/p>\n<p><strong>Description : <\/strong><\/p>\n<ul>\n<li><strong>Jardin communautaire<\/strong><\/li>\n<li>Commenc\u00e9 en 2012, plates-bandes sur\u00e9lev\u00e9s, 64 parcelles<\/li>\n<li>Un biod\u00f4me : c&rsquo;est une serre qui reproduit l&rsquo;environnement ext\u00e9rieur, faite de sph\u00e8res g\u00e9od\u00e9siques<\/li>\n<li>Ce parc est sur un terrain de la ville d\u2019Ottawa qui autorise l\u2019utilisation de jardins dans de nombreux parcs et autres terrains de la ville et collabore pr\u00e9sentement avec Just Food pour mettre au point des informations claires \u00e0 l\u2019intention du public sur la cr\u00e9ation de jardins communautaires sur les terrains de la Ville.<\/li>\n<li>Le Jardin communautaire Brewer est un jardin dynamique qui soutient de nombreux autres jardins de la ville en produisant des manuels sur la construction de plates-bandes sur\u00e9lev\u00e9es, la gestion des animaux nuisibles et la gestion de l&rsquo;eau. Les Coordonnateurs de jardin peuvent partager des outils, des ressources et des connaissances plus vastes \u00e0 travers Ottawa par le biais du R\u00e9seau de jardinage communautaire.<\/li>\n<\/ul>\n<p>&nbsp;<\/p>\n<ul>\n<li><strong>Jardin Biod\u00f4me<\/strong><img loading=\"lazy\" class=\"size-medium wp-image-3586 alignright\" src=\"https:\/\/www.gardenpromenade.ca\/wp-content\/uploads\/2019\/06\/brewer-park-biodome-300x200.png\" sizes=\"(max-width: 300px) 100vw, 300px\" srcset=\"https:\/\/www.gardenpromenade.ca\/wp-content\/uploads\/2019\/06\/brewer-park-biodome-300x200.png 300w, https:\/\/www.gardenpromenade.ca\/wp-content\/uploads\/2019\/06\/brewer-park-biodome.png 460w\" alt=\"\" width=\"300\" height=\"200\" \/><\/li>\n<\/ul>\n<p>L\u2019excavation du site du Jardin du Biod\u00f4me Brewer a commenc\u00e9 au printemps 2014, et les travaux de construction ont eu lieu pendant les mois d\u2019\u00e9t\u00e9. Le 17 ao\u00fbt 2014, le maire de la Ville d&rsquo;Ottawa, Jim Watson, a officiellement ouvert la structure du biodome achev\u00e9e.<\/p>\n<p>Un projet pilote, le Jardin du Biod\u00f4me est le premier du genre \u00e0 Ottawa. \u00c0 la<\/p>\n<p>mani\u00e8re d&rsquo;une serre, le biod\u00f4me donnera aux membres du Jardin Brewer une saison de croissance prolong\u00e9e et servira \u00e9galement de poste de d\u00e9monstration, d&rsquo;\u00e9ducation et de recherche pour les jardiniers, les membres de la communaut\u00e9 et les \u00e9coles locales.<\/p>\n<p>&nbsp;<\/p>\n<hr \/>\n<p>&nbsp;<\/p>\n<h4><strong>JARDIN COMMUNAUTAIRE BROOKE TOWERS<\/strong><img loading=\"lazy\" class=\"size-medium wp-image-3663 alignright\" src=\"https:\/\/www.gardenpromenade.ca\/wp-content\/uploads\/2019\/06\/garden-brooke-towers-225x300.jpg\" alt=\"\" width=\"225\" height=\"300\" srcset=\"https:\/\/www.gardenpromenade.ca\/wp-content\/uploads\/2019\/06\/garden-brooke-towers-225x300.jpg 225w, https:\/\/www.gardenpromenade.ca\/wp-content\/uploads\/2019\/06\/garden-brooke-towers-768x1024.jpg 768w\" sizes=\"(max-width: 225px) 100vw, 225px\" \/><\/h4>\n<p><strong>Nom du jardin :\u00a0<\/strong>Jardin communautaire Brooke Towers<br \/>\n<strong>Lieu :<\/strong> <span style=\"font-weight: 400;\">125, rue McLeod, Ottawa ON K2P 0Z6<\/span><br \/>\n<strong>Adresse :<\/strong> <span style=\"font-weight: 400;\">125, rue McLeod, Ottawa ON K2P 0Z6<\/span><br \/>\n<strong>Parcours Promenade des jardins :<\/strong>\u00a0<a href=\"https:\/\/www.gardenpromenade.ca\/fr\/garden_routes\/more-gardens\/\">Plus de jardins<\/a><br \/>\n<strong>Num\u00e9ro du jardin :<\/strong> 8<\/p>\n<p><strong>Description :<\/strong><\/p>\n<ul>\n<li>Jardin commun commenc\u00e9 en 2014<\/li>\n<li>Ce jardin est con\u00e7u avec les principes de l&rsquo;am\u00e9nagement paysager comestible &#8211; c&rsquo;est-\u00e0-dire qu&rsquo;il met l&rsquo;accent sur les plantes vivaces comestibles qui reviennent chaque ann\u00e9e et se r\u00e9pandent dans le paysage, parmi les gramin\u00e9es, les fleurs, les annuelles, les fines herbes, les baies, les noyers, etc.<\/li>\n<li>Les jardiniers en g\u00e9n\u00e9ral ont manifest\u00e9 un grand int\u00e9r\u00eat pour le jardinage avec des plantes vivaces comestibles, nombre d&rsquo;entre eux cherchant \u00e0 d\u00e9velopper des espaces plus vastes et\u00a0 permanents. Un jardin commun est une option.<\/li>\n<li>Une autre projet pilot\u00e9 par Just Food est un projet appel\u00e9 \u00ab Les communs \u00bb qui offre 1\/16e d&rsquo;acre \u00e0 chaque jardinier, parcelle beaucoup plus vaste que la plupart des autres terrains offerts aux jardiniers par la ville.<\/li>\n<li>Vous cherchez quelque chose de plus grand? Vous pouvez \u00e9galement augmenter jusqu\u2019\u00e0 \u00bc d\u2019acre et commencer le mara\u00eechage dans le programme de la nouvelle ferme de Just Food.<\/li>\n<\/ul>\n<p><em>Cr\u00e9dit photo : Jardin communautaire Brooke Towers<\/em><\/p>\n<hr \/>\n<p>&nbsp;<\/p>\n<h4><strong>JARDIN COMMUNAUTAIRE DALHOUSIE PRIORITY<\/strong><\/h4>\n<p><img loading=\"lazy\" class=\"size-medium wp-image-3669 alignright\" src=\"https:\/\/www.gardenpromenade.ca\/wp-content\/uploads\/2019\/06\/Dalhousie-Association-Community2-294x300.jpg\" alt=\"\" width=\"294\" height=\"300\" srcset=\"https:\/\/www.gardenpromenade.ca\/wp-content\/uploads\/2019\/06\/Dalhousie-Association-Community2-294x300.jpg 294w, https:\/\/www.gardenpromenade.ca\/wp-content\/uploads\/2019\/06\/Dalhousie-Association-Community2-768x783.jpg 768w, https:\/\/www.gardenpromenade.ca\/wp-content\/uploads\/2019\/06\/Dalhousie-Association-Community2-1004x1024.jpg 1004w, https:\/\/www.gardenpromenade.ca\/wp-content\/uploads\/2019\/06\/Dalhousie-Association-Community2.jpg 1132w\" sizes=\"(max-width: 294px) 100vw, 294px\" \/><\/p>\n<p><strong>Nom du jardin :\u00a0<\/strong><a href=\"http:\/\/www.ottawadalhousie.ca\/p\/community-garden.html\">Jardin communautaire Dalhousie Priority Project<\/a> (Dalhousie Association Community Garden)<br \/>\n<strong>Lieu :<\/strong> <span style=\"font-weight: 400;\">Preston et Somerset<\/span><br \/>\n<strong>Adresse :<\/strong> <span style=\"font-weight: 400;\">Preston et Somerset<\/span><br \/>\n<strong>Parcours Promenade des jardins :<\/strong>\u00a0<a href=\"https:\/\/www.gardenpromenade.ca\/fr\/garden_routes\/more-gardens\/\">Plus de jardins<\/a><br \/>\n<strong>Num\u00e9ro du jardin :<\/strong> 13<\/p>\n<p><strong>Description :\u00a0<\/strong><\/p>\n<ul>\n<li>Commenc\u00e9 en 2017, des jardins en bacs, 37 parcelles<\/li>\n<li>Sur un site temporaire dont le d\u00e9veloppement est pr\u00e9vu dans quelques ann\u00e9es.<\/li>\n<li>Les espaces de jardinage sont en demande dans un contexte urbain, souvent consid\u00e9r\u00e9s comme une concurrence pour le logement.<\/li>\n<li>Il est important d&rsquo;avoir une planification urbaine qui soutienne le logement ET le jardinage communautaire dans le m\u00eame quartier et aussi int\u00e9gr\u00e9e sur le m\u00eame site (y compris le jardinage sur le toit int\u00e9gr\u00e9 dans le design pour les r\u00e9sidents).<\/li>\n<li>Un autre jardin communautaire appel\u00e9 BUGs (Bytown Urban Gardens) a commenc\u00e9 sur un site qui devait \u00eatre d\u00e9velopp\u00e9. Ce site, ainsi que le r\u00e9seau de jardinage communautaire, ont plaid\u00e9 au CCOC (Centertown Citizens&rsquo; Ottawa Corporation) avec succ\u00e8s en faveur de l\u2019inclusion d\u2019un jardin communautaire dans la Demande de propositions pour le futur d\u00e9veloppement immobilier, qui inclut des plates-bandes r\u00e9parties dans la cour, pr\u00e8s du Mus\u00e9e canadien de la nature.<\/li>\n<\/ul>\n<p><em>Cr\u00e9dit photo : Jardin communautaire Dalhousie Priority Project<\/em><\/p>\n<hr \/>\n<p>&nbsp;<\/p>\n<h4><strong>JARDIN COMMUNAUTAIRE\u00a0<\/strong><strong>NANNY GOAT HILL<\/strong><\/h4>\n<h4><strong><img loading=\"lazy\" class=\"wp-image-1293 size-medium alignright\" src=\"http:\/\/www.gardenpromenade.ca\/wp-content\/uploads\/2017\/06\/Nanny-Goat-2-300x225.jpg\" alt=\"\" width=\"300\" height=\"225\" \/><\/strong><\/h4>\n<p><strong>Nom du jardin :\u00a0<\/strong><a href=\"https:\/\/nannygoathillgarden.wordpress.com\/\">Jardin communautaire Nanny Goat Hill<\/a><br \/>\n<strong>Lieu :<\/strong> <span style=\"font-weight: 400;\">coin Laurier et Bronson<\/span><br \/>\n<strong>Adresse :<\/strong> <span style=\"font-weight: 400;\">551, ave Laurier ouest, Ottawa ON K1R 5Y9<\/span><br \/>\n<strong>Parcours Promenade des jardins :<\/strong> <a href=\"https:\/\/www.gardenpromenade.ca\/fr\/garden_routes\/miracle-gro-downtown-garden-route\/\">Parcours Miracle-Gro du Centre-ville d\u2019Ottawa<\/a><br \/>\n<strong>Num\u00e9ro du jardin :<\/strong> 13<\/p>\n<p><strong>Description :<\/strong><\/p>\n<ul>\n<li>Ce jardin a \u00e9t\u00e9 commenc\u00e9 en 1999 en tant que jardin traditionnel et a r\u00e9cemment migr\u00e9 vers des jardins en bacs en raison de la nouvelle r\u00e9glementation provinciale, ce qui signifie que le sol en dessous ne r\u00e9pondait pas aux nouvelles normes. Avec 150 parcelles, le passage de jardins traditionnels \u00e0 des jardins en bacs a entra\u00een\u00e9 une perte de 40% de l&rsquo;espace de jardinage.<\/li>\n<li>Il demeure tout de m\u00eame un des plus grands jardins communautaires du centre-ville.<\/li>\n<li>Les jardiniers n&rsquo;ont pas seulement de magnifiques l\u00e9gumes, car la conseill\u00e8re Catherine McKenney s&rsquo;est battue avec acharnement pour obtenir un nouveau gazebo, puisque les jardins communautaires ne servent pas uniquement \u00e0 assurer la s\u00e9curit\u00e9 alimentaire, mais \u00e9galement \u00e0 cr\u00e9er un espace pour une communaut\u00e9. C&rsquo;est un v\u00e9ritable point de rencontre dans ce quartier.<\/li>\n<\/ul>\n<p>&nbsp;<\/p>\n<hr \/>\n<p>&nbsp;<\/p>\n<h4><strong>JARDIN COMMUNAUTAIRE OLD <\/strong><strong>OTTAWA EAST <img loading=\"lazy\" class=\" wp-image-699 alignright\" src=\"http:\/\/www.gardenpromenade.ca\/wp-content\/uploads\/2017\/06\/ottawa-east-community-garden-300x200.jpg\" alt=\"\" width=\"303\" height=\"202\" \/><\/strong><\/h4>\n<p><strong>Nom du jardin :\u00a0<\/strong><a href=\"https:\/\/oldottawaeastcommunitygarden.wordpress.com\/\">Jardin communautaire Old Ottawa East<\/a><br \/>\n<strong>Lieu :<\/strong> <span style=\"font-weight: 400;\">derri\u00e8re la R\u00e9sidence et Centre de conference, Universit\u00e9 St-Paul<\/span><br \/>\n<strong>Adresse :<\/strong> <span style=\"font-weight: 400;\">201, rue Main, Ottawa ON K1S 5T8<\/span><br \/>\n<strong>Parcours Promenade des jardins :<\/strong>\u00a0<a href=\"https:\/\/www.gardenpromenade.ca\/fr\/garden_routes\/more-gardens\/\">Plus de jardins<\/a><br \/>\n<strong>Num\u00e9ro du jardin :<\/strong> 3<\/p>\n<p><strong>Description :<\/strong><\/p>\n<ul>\n<li>Commenc\u00e9 en 2008, plates-bandes au sol, 51 parcelles<\/li>\n<li>Excellent exemple de culture r\u00e9ussie dans le sol, importante et meilleure pratique pour la croissance quand le sol est sain, pour les raisons suivantes :\n<ul>\n<li>s\u00e9questration du carbone<\/li>\n<li>aide au captage des eaux de pluie en cas de fortes pluies et d&rsquo;inondations<\/li>\n<li>assure des pratiques durables de culture alimentaire pour le futur<\/li>\n<li>am\u00e9nage le sol et est moins co\u00fbteux \u00e0 entretenir.<\/li>\n<\/ul>\n<\/li>\n<li>Ce jardin est un lieu la livraison de produits frais &#8211; la Ferme agricole &#8211; une ferme locale pour l&rsquo;Agriculture partag\u00e9e de la communaut\u00e9. Lorsqu&rsquo;on ach\u00e8te un abonnement \u00e0 la ferme, une bo\u00eete de produits frais et vari\u00e9s est d\u00e9pos\u00e9e au jardin chaque semaine pour les r\u00e9sidents tout au long de la saison, qu\u2019ils aient un jardin ou non.<\/li>\n<\/ul>\n<p>&nbsp;<\/p>\n<hr \/>\n<p>&nbsp;<\/p>\n<h4><strong>JARDIN POUR LES ENFANTS D&rsquo;OTTAWA<\/strong><\/h4>\n<p><img loading=\"lazy\" width=\"300\" height=\"109\" class=\"size-medium wp-image-3589 alignright\" src=\"https:\/\/www.gardenpromenade.ca\/wp-content\/uploads\/2019\/06\/childrens-garden-300x109.png\" srcset=\"https:\/\/www.gardenpromenade.ca\/wp-content\/uploads\/2019\/06\/childrens-garden-300x109.png 300w, https:\/\/www.gardenpromenade.ca\/wp-content\/uploads\/2019\/06\/childrens-garden-768x280.png 768w, https:\/\/www.gardenpromenade.ca\/wp-content\/uploads\/2019\/06\/childrens-garden-1024x373.png 1024w, https:\/\/www.gardenpromenade.ca\/wp-content\/uploads\/2019\/06\/childrens-garden.png 1253w\" sizes=\"(max-width: 300px) 100vw, 300px\" \/><strong>Nom du jardin : <\/strong><a href=\"http:\/\/www.ottawachildrensgarden.org\/\">Jardin pour les enfants d&rsquo;Ottawa<\/a><br \/>\n<strong>Lieu :<\/strong> Parc <span style=\"font-weight: 400;\">Robert F. Legget<\/span><br \/>\n<strong>Adresse :<\/strong> rue <span style=\"font-weight: 400;\">Main, Ottawa ON K1S (coin rue Clegg )<\/span><br \/>\n<strong>Parcours Promenade des jardins :<\/strong>\u00a0<a href=\"https:\/\/www.gardenpromenade.ca\/fr\/garden_routes\/more-gardens\/\">Plus de jardins<\/a><br \/>\n<strong>Num\u00e9ro du jardin :<\/strong> 4<\/p>\n<p><strong>Description :<\/strong><\/p>\n<ul>\n<li>Lanc\u00e9 en 2008, ce jardin visait particuli\u00e8rement une programmation pour les enfants et fonctionnait comme des parcelles de jardins communautaires o\u00f9 tout le monde partageait les t\u00e2ches et les r\u00e9coltes.<\/li>\n<li>En lien avec les enfants : un partenaire cl\u00e9 est le Canadian Organic Growers et ses deux programmes : Growing Up Organic, qui anime l\u2019\u00e9ducation au jardinage dans les \u00e9coles primaires et Senior Organic Gardeners, ax\u00e9 sur la mobilisation et le partage des connaissances de jardinage des a\u00een\u00e9s.<\/li>\n<\/ul>\n<p>&nbsp;<\/p>\n<hr \/>\n<p>&nbsp;<\/p>\n<h4><strong><img loading=\"lazy\" class=\"wp-image-1611 size-medium alignright\" src=\"http:\/\/www.gardenpromenade.ca\/wp-content\/uploads\/2017\/06\/sweet-willow-actual-300x225.jpg\" alt=\"\" width=\"300\" height=\"225\" \/>JARDIN COMMUNAUTAIRE ST. JOE\u2019S SUPPER TABLE<\/strong><\/h4>\n<p><strong>Nom du jardin : <\/strong><a href=\"http:\/\/suppertable.ca\/\">Jardin communautaire St. Joe&rsquo;s Supper Table<\/a><br \/>\n<strong>Lieu :<\/strong> <span style=\"font-weight: 400;\">151, ave Laurier est, Ottawa, ON K1N 6N8<\/span><br \/>\n<strong>Adresse :<\/strong> <span style=\"font-weight: 400;\">151, ave Laurier est, Ottawa, ON K1N 6N8<\/span><br \/>\n<strong>Parcours Promenade des jardins :<\/strong>\u00a0<a href=\"https:\/\/www.gardenpromenade.ca\/fr\/garden_routes\/more-gardens\/\">Plus de jardins<\/a><br \/>\n<strong>Num\u00e9ro du jardin :<\/strong> 1<\/p>\n<p><strong>Description :<\/strong><\/p>\n<ul>\n<li>Commenc\u00e9 en 2014, parcelles au sol<\/li>\n<li>Tous les aliments cultiv\u00e9s sont utilis\u00e9s dans leurs programmes de repas et de partage d&rsquo;aliments.<\/li>\n<li>Chaque mois, plus de 30 000 personnes ont acc\u00e8s \u00e0 des banques alimentaires \u00e0 Ottawa. Tous les jardins communautaires, les jardiniers amateurs et les agriculteurs sont encourag\u00e9s \u00e0 participer au programme Plant-a-row, Donate-a-row et \u00e0 remettre une partie de leurs produits frais \u00e0 leurs banques alimentaires d&rsquo;urgence locales.<\/li>\n<\/ul>\n<p>&nbsp;<\/p>\n<hr \/>\n<p>&nbsp;<\/p>\n<h4><strong>UNIVERSIT\u00c9 D&rsquo;OTTAWA<img loading=\"lazy\" class=\"size-medium wp-image-3550 alignright\" src=\"https:\/\/www.gardenpromenade.ca\/wp-content\/uploads\/2019\/05\/community-gardens_760x380-ottawa-u-300x150.jpg\" sizes=\"(max-width: 300px) 100vw, 300px\" srcset=\"https:\/\/www.gardenpromenade.ca\/wp-content\/uploads\/2019\/05\/community-gardens_760x380-ottawa-u-300x150.jpg 300w, https:\/\/www.gardenpromenade.ca\/wp-content\/uploads\/2019\/05\/community-gardens_760x380-ottawa-u.jpg 760w\" alt=\"\" width=\"300\" height=\"150\" \/><\/strong><\/h4>\n<p><strong>Vue d&rsquo;ensemble :<\/strong><br \/>\nL\u2019Universit\u00e9 d\u2019Ottawa, souvent appel\u00e9e U d\u2019O, est une universit\u00e9 bilingue de recherche publique situ\u00e9e \u00e0 Ottawa, Ontario, Canada. L\u2019Universit\u00e9 esp\u00e8re que les jardins contribuent \u00e0 combler le foss\u00e9 entre les espaces urbains et les espaces verts, en offrant aux gens l\u2019occasion d\u2019interagir et de profiter des espaces verts sur le campus.<\/p>\n<p><strong>Nom du jardin :<\/strong>\u00a0 <a href=\"https:\/\/durable.uottawa.ca\/\">Jardin communautaire vert du campus<\/a><br \/>\n<strong>Lieu :<\/strong>\u00a0 Universit\u00e9 d\u2019Ottawa<br \/>\n<strong>Adresse :<\/strong> 85 University Private, Ottawa, ON K1N 9A7<br \/>\n<strong>Parcours Promenade des jardins :\u00a0<\/strong><a href=\"https:\/\/www.gardenpromenade.ca\/fr\/garden_routes\/more-gardens\/\">Plus de jardins<\/a><br \/>\n<strong>Num\u00e9ro du jardin :<\/strong>\u00a02 (1)<br \/>\n<strong>Services aux visiteurs :<\/strong>\u00a0Stationnement $ \u2013 Supports \u00e0 v\u00e9los \u2013 Toilettes, accessibles en fauteuil roulant<\/p>\n<p><strong>Description :<\/strong>\u00a0Les jardins communautaires de l\u2019Universit\u00e9 d\u2019Ottawa nous rapprochent les uns des autres afin que nous puissions travailler ensemble en tant qu\u2019\u00e9tudiants, membres du personnel et voisins. En somme, les jardins communautaires aident \u00e0 cr\u00e9er des relations \u00e0 long terme et des amiti\u00e9s durables.<br \/>\nL\u2019Universit\u00e9 esp\u00e8re que les jardins communautaires contribueront \u00e0 r\u00e9duire la fracture entre espaces urbains et espaces verts en offrant \u00e0 tous la possibilit\u00e9 d\u2019interagir et de profiter des espaces verts du campus. De plus, nous esp\u00e9rons que les jardins communautaires contribueront \u00e0 sensibiliser le public \u00e0 l\u2019importance de la production alimentaire dans la communaut\u00e9 locale.<\/p>\n<p><strong>Nom du jardin :<\/strong>\u00a0 <a href=\"https:\/\/durable.uottawa.ca\/jardins\">Jardin communautaire d&rsquo;apprentissage<img loading=\"lazy\" class=\"size-medium wp-image-3593 alignright\" src=\"https:\/\/www.gardenpromenade.ca\/wp-content\/uploads\/2019\/06\/community-garden-u-of-o-300x169.jpg\" sizes=\"(max-width: 300px) 100vw, 300px\" srcset=\"https:\/\/www.gardenpromenade.ca\/wp-content\/uploads\/2019\/06\/community-garden-u-of-o-300x169.jpg 300w, https:\/\/www.gardenpromenade.ca\/wp-content\/uploads\/2019\/06\/community-garden-u-of-o.jpg 570w\" alt=\"\" width=\"300\" height=\"169\" \/><\/a><br \/>\n<strong>Lieu :<\/strong>\u00a0 Universit\u00e9 d\u2019Ottawa<br \/>\n<strong>Adresse :<\/strong> <span style=\"font-weight: 400;\">649, King Edward, Ottawa, ON K1N 7N8 \u2013 Jardin derri\u00e8re le UCU pr\u00e8s du Pivik<\/span><br \/>\n<strong>Parcours Promenade des jardins :\u00a0<\/strong><a href=\"https:\/\/www.gardenpromenade.ca\/fr\/garden_routes\/more-gardens\/\">Plus de jardins<\/a><br \/>\n<strong>Num\u00e9ro du jardin :<\/strong> 2 (4)<br \/>\n<strong>Services aux visiteurs :<\/strong> Stationnement $ \u2013 Supports \u00e0 v\u00e9los \u2013 Toilettes, accessibles en fauteuil roulant &#8211; Aires de restauration<\/p>\n<p>&nbsp;<\/p>\n<hr \/>\n<p>&nbsp;<\/p>\n<h4><strong>WE GROW WELL COMMUNITY GARDEN<\/strong><\/h4>\n<p><strong>(JARDIN COMMUNAUTAIRE DE L&rsquo;H\u00d4TEL DE VILLE D&rsquo;OTTAWA)<\/strong><\/p>\n<p><strong>Nom du jardin : <\/strong>We Grow Well Community Garden<br \/>\n<strong>Lieu :<\/strong> <a href=\"https:\/\/ottawa.ca\/fr\/hotel-de-ville\"><span style=\"font-weight: 400;\">H\u00f4tel de ville d&rsquo;Ottawa<\/span><\/a><br \/>\n<strong>Adresse :<\/strong> <span style=\"font-weight: 400;\">110, ave Laurier ouest, Ottawa, ON K2P 2H9<\/span><br \/>\n<strong>Parcours Promenade des jardins :<\/strong> <a href=\"https:\/\/www.gardenpromenade.ca\/fr\/garden_routes\/miracle-gro-downtown-garden-route\/\">Parcours Miracle-Gro du Centre-ville d\u2019Ottawa<\/a><br \/>\n<strong>Num\u00e9ro du jardin :<\/strong> 3 (3)<strong>\u00a0<\/strong><br \/>\n<strong>Services aux visiteurs :<\/strong>\u00a0Stationnement $ \u2013 Supports \u00e0 v\u00e9los \u2013 Toilettes, accessibles en fauteuil roulant &#8211; Aires de restauration<\/p>\n<p><strong>Description : <\/strong>Ce nouveau jardin \u00e0 plates-bandes sur\u00e9lev\u00e9es est en construction cet \u00e9t\u00e9 \u00e0 l&rsquo;H\u00f4tel de ville. Il sera g\u00e9r\u00e9 par The Well, un programme de jour destin\u00e9 aux femmes et aux enfants de la r\u00e9gion d\u2019Ottawa et proposant des programmes de repas situ\u00e9 sur la rue Elgin, pr\u00e8s de l\u2019H\u00f4tel de ville. Presque tout ce qu&rsquo;ils cultivent contribueront \u00e0 des repas gratuits.<\/p>\n<p>&nbsp;<\/p>\n","protected":false},"excerpt":{"rendered":"<p>\u00c0 propos du r\u00e9seau de jardinage communautaire Ce r\u00e9seau a d\u00e9but\u00e9 \u00e0 Ottawa en 1997, il a 22 ans cette ann\u00e9e! Install\u00e9 \u00e0 l\u2019organisation Just Food &#8211; pour plus d\u2019informations, voir Just Food Plus de 90 jardins communautaires \u00e0 travers Ottawa et plus de 40 jardins scolaires Des ateliers de jardinage \u00e0 chaque ann\u00e9e Avoir [&hellip;]<\/p>\n","protected":false},"featured_media":1356,"template":"","meta":{"_monsterinsights_skip_tracking":false,"_monsterinsights_sitenote_active":false,"_monsterinsights_sitenote_note":"","_monsterinsights_sitenote_category":0},"categories":[30],"yoast_head":"<!-- This site is optimized with the Yoast SEO plugin v17.1 - https:\/\/yoast.com\/wordpress\/plugins\/seo\/ -->\n<title>Jardins communautaires &ndash; Garden Promenade<\/title>\n<meta name=\"robots\" content=\"index, follow, max-snippet:-1, max-image-preview:large, max-video-preview:-1\" \/>\n<link rel=\"canonical\" href=\"https:\/\/www.gardenpromenade.ca\/fr\/gardens\/community-gardens\/\" \/>\n<meta property=\"og:locale\" content=\"fr_FR\" \/>\n<meta property=\"og:type\" content=\"article\" \/>\n<meta property=\"og:title\" content=\"Jardins communautaires &ndash; Garden Promenade\" \/>\n<meta property=\"og:description\" content=\"\u00c0 propos du r\u00e9seau de jardinage communautaire Ce r\u00e9seau a d\u00e9but\u00e9 \u00e0 Ottawa en 1997, il a 22 ans cette ann\u00e9e! Install\u00e9 \u00e0 l\u2019organisation Just Food &#8211; pour plus d\u2019informations, voir Just Food Plus de 90 jardins communautaires \u00e0 travers Ottawa et plus de 40 jardins scolaires Des ateliers de jardinage \u00e0 chaque ann\u00e9e Avoir [&hellip;]\" \/>\n<meta property=\"og:url\" content=\"https:\/\/www.gardenpromenade.ca\/fr\/gardens\/community-gardens\/\" \/>\n<meta property=\"og:site_name\" content=\"Garden Promenade\" \/>\n<meta property=\"article:publisher\" content=\"https:\/\/www.facebook.com\/gardenpromenade\/\" \/>\n<meta property=\"article:modified_time\" content=\"2019-07-17T14:45:25+00:00\" \/>\n<meta property=\"og:image\" content=\"https:\/\/www.gardenpromenade.ca\/wp-content\/uploads\/2019\/06\/Community-Garden.jpg\" \/>\n\t<meta property=\"og:image:width\" content=\"760\" \/>\n\t<meta property=\"og:image:height\" content=\"428\" \/>\n<meta name=\"twitter:card\" content=\"summary_large_image\" \/>\n<meta name=\"twitter:site\" content=\"@gardenpromenade\" \/>\n<meta name=\"twitter:label1\" content=\"Dur\u00e9e de lecture est.\" \/>\n\t<meta name=\"twitter:data1\" content=\"9 minutes\" \/>\n<script type=\"application\/ld+json\" class=\"yoast-schema-graph\">{\"@context\":\"https:\/\/schema.org\",\"@graph\":[{\"@type\":\"WebSite\",\"@id\":\"https:\/\/www.gardenpromenade.ca\/#website\",\"url\":\"https:\/\/www.gardenpromenade.ca\/\",\"name\":\"Garden Promenade\",\"description\":\"Explore Ottawa-Gatineau&#039;s Gardens\",\"potentialAction\":[{\"@type\":\"SearchAction\",\"target\":{\"@type\":\"EntryPoint\",\"urlTemplate\":\"https:\/\/www.gardenpromenade.ca\/?s={search_term_string}\"},\"query-input\":\"required name=search_term_string\"}],\"inLanguage\":\"fr-FR\"},{\"@type\":\"ImageObject\",\"@id\":\"https:\/\/www.gardenpromenade.ca\/fr\/gardens\/community-gardens\/#primaryimage\",\"inLanguage\":\"fr-FR\",\"url\":\"https:\/\/www.gardenpromenade.ca\/wp-content\/uploads\/2019\/06\/Community-Garden.jpg\",\"contentUrl\":\"https:\/\/www.gardenpromenade.ca\/wp-content\/uploads\/2019\/06\/Community-Garden.jpg\",\"width\":760,\"height\":428},{\"@type\":\"WebPage\",\"@id\":\"https:\/\/www.gardenpromenade.ca\/fr\/gardens\/community-gardens\/#webpage\",\"url\":\"https:\/\/www.gardenpromenade.ca\/fr\/gardens\/community-gardens\/\",\"name\":\"Jardins communautaires &ndash; Garden Promenade\",\"isPartOf\":{\"@id\":\"https:\/\/www.gardenpromenade.ca\/#website\"},\"primaryImageOfPage\":{\"@id\":\"https:\/\/www.gardenpromenade.ca\/fr\/gardens\/community-gardens\/#primaryimage\"},\"datePublished\":\"2019-06-10T03:44:12+00:00\",\"dateModified\":\"2019-07-17T14:45:25+00:00\",\"breadcrumb\":{\"@id\":\"https:\/\/www.gardenpromenade.ca\/fr\/gardens\/community-gardens\/#breadcrumb\"},\"inLanguage\":\"fr-FR\",\"potentialAction\":[{\"@type\":\"ReadAction\",\"target\":[\"https:\/\/www.gardenpromenade.ca\/fr\/gardens\/community-gardens\/\"]}]},{\"@type\":\"BreadcrumbList\",\"@id\":\"https:\/\/www.gardenpromenade.ca\/fr\/gardens\/community-gardens\/#breadcrumb\",\"itemListElement\":[{\"@type\":\"ListItem\",\"position\":1,\"name\":\"Home\",\"item\":\"https:\/\/www.gardenpromenade.ca\/fr\/\"},{\"@type\":\"ListItem\",\"position\":2,\"name\":\"Jardins communautaires\"}]}]}<\/script>\n<!-- \/ Yoast SEO plugin. -->","yoast_head_json":{"title":"Jardins communautaires &ndash; Garden Promenade","robots":{"index":"index","follow":"follow","max-snippet":"max-snippet:-1","max-image-preview":"max-image-preview:large","max-video-preview":"max-video-preview:-1"},"canonical":"https:\/\/www.gardenpromenade.ca\/fr\/gardens\/community-gardens\/","og_locale":"fr_FR","og_type":"article","og_title":"Jardins communautaires &ndash; Garden Promenade","og_description":"\u00c0 propos du r\u00e9seau de jardinage communautaire Ce r\u00e9seau a d\u00e9but\u00e9 \u00e0 Ottawa en 1997, il a 22 ans cette ann\u00e9e! Install\u00e9 \u00e0 l\u2019organisation Just Food &#8211; pour plus d\u2019informations, voir Just Food Plus de 90 jardins communautaires \u00e0 travers Ottawa et plus de 40 jardins scolaires Des ateliers de jardinage \u00e0 chaque ann\u00e9e Avoir [&hellip;]","og_url":"https:\/\/www.gardenpromenade.ca\/fr\/gardens\/community-gardens\/","og_site_name":"Garden Promenade","article_publisher":"https:\/\/www.facebook.com\/gardenpromenade\/","article_modified_time":"2019-07-17T14:45:25+00:00","og_image":[{"width":760,"height":428,"url":"https:\/\/www.gardenpromenade.ca\/wp-content\/uploads\/2019\/06\/Community-Garden.jpg","path":"\/home\/ourheali\/public_html\/gardenpromenade.ca\/wp-content\/uploads\/2019\/06\/Community-Garden.jpg","size":"full","id":1356,"alt":"","pixels":325280,"type":"image\/jpeg"}],"twitter_card":"summary_large_image","twitter_site":"@gardenpromenade","twitter_misc":{"Dur\u00e9e de lecture est.":"9 minutes"},"schema":{"@context":"https:\/\/schema.org","@graph":[{"@type":"WebSite","@id":"https:\/\/www.gardenpromenade.ca\/#website","url":"https:\/\/www.gardenpromenade.ca\/","name":"Garden Promenade","description":"Explore Ottawa-Gatineau&#039;s Gardens","potentialAction":[{"@type":"SearchAction","target":{"@type":"EntryPoint","urlTemplate":"https:\/\/www.gardenpromenade.ca\/?s={search_term_string}"},"query-input":"required name=search_term_string"}],"inLanguage":"fr-FR"},{"@type":"ImageObject","@id":"https:\/\/www.gardenpromenade.ca\/fr\/gardens\/community-gardens\/#primaryimage","inLanguage":"fr-FR","url":"https:\/\/www.gardenpromenade.ca\/wp-content\/uploads\/2019\/06\/Community-Garden.jpg","contentUrl":"https:\/\/www.gardenpromenade.ca\/wp-content\/uploads\/2019\/06\/Community-Garden.jpg","width":760,"height":428},{"@type":"WebPage","@id":"https:\/\/www.gardenpromenade.ca\/fr\/gardens\/community-gardens\/#webpage","url":"https:\/\/www.gardenpromenade.ca\/fr\/gardens\/community-gardens\/","name":"Jardins communautaires &ndash; Garden Promenade","isPartOf":{"@id":"https:\/\/www.gardenpromenade.ca\/#website"},"primaryImageOfPage":{"@id":"https:\/\/www.gardenpromenade.ca\/fr\/gardens\/community-gardens\/#primaryimage"},"datePublished":"2019-06-10T03:44:12+00:00","dateModified":"2019-07-17T14:45:25+00:00","breadcrumb":{"@id":"https:\/\/www.gardenpromenade.ca\/fr\/gardens\/community-gardens\/#breadcrumb"},"inLanguage":"fr-FR","potentialAction":[{"@type":"ReadAction","target":["https:\/\/www.gardenpromenade.ca\/fr\/gardens\/community-gardens\/"]}]},{"@type":"BreadcrumbList","@id":"https:\/\/www.gardenpromenade.ca\/fr\/gardens\/community-gardens\/#breadcrumb","itemListElement":[{"@type":"ListItem","position":1,"name":"Home","item":"https:\/\/www.gardenpromenade.ca\/fr\/"},{"@type":"ListItem","position":2,"name":"Jardins communautaires"}]}]}},"_links":{"self":[{"href":"https:\/\/www.gardenpromenade.ca\/fr\/wp-json\/wp\/v2\/gardens\/2966"}],"collection":[{"href":"https:\/\/www.gardenpromenade.ca\/fr\/wp-json\/wp\/v2\/gardens"}],"about":[{"href":"https:\/\/www.gardenpromenade.ca\/fr\/wp-json\/wp\/v2\/types\/gardens"}],"wp:featuredmedia":[{"embeddable":true,"href":"https:\/\/www.gardenpromenade.ca\/fr\/wp-json\/wp\/v2\/media\/1356"}],"wp:attachment":[{"href":"https:\/\/www.gardenpromenade.ca\/fr\/wp-json\/wp\/v2\/media?parent=2966"}],"wp:term":[{"taxonomy":"category","embeddable":true,"href":"https:\/\/www.gardenpromenade.ca\/fr\/wp-json\/wp\/v2\/categories?post=2966"}],"curies":[{"name":"wp","href":"https:\/\/api.w.org\/{rel}","templated":true}]}}