{"id":2968,"date":"2019-05-28T03:44:35","date_gmt":"2019-05-28T03:44:35","guid":{"rendered":"https:\/\/gp.sarvanshu.com\/gardens\/feature-gardens\/"},"modified":"2021-08-13T02:19:24","modified_gmt":"2021-08-13T02:19:24","slug":"feature-gardens","status":"publish","type":"gardens","link":"https:\/\/www.gardenpromenade.ca\/fr\/gardens\/feature-gardens\/","title":{"rendered":"Jardins vedettes"},"content":{"rendered":"<h4 class=\"heading-style\"><strong>Le 50 SUSSEX<\/strong><\/h4>\n<ul>\n<li><strong>JARDIN INTERNATIONAL DE LA PAIX<\/strong><\/li>\n<\/ul>\n<p><img loading=\"lazy\" class=\" wp-image-689 alignright\" src=\"http:\/\/www.gardenpromenade.ca\/wp-content\/uploads\/2017\/06\/PeaceGarden_IMG_6339v2-1-300x225.jpg\" alt=\"\" width=\"272\" height=\"204\" \/><strong>Nom du jardin :<\/strong>\u00a0 Jardin international de la paix<br \/>\n<strong>Lieu :<\/strong> <a href=\"http:\/\/www.rcgs.org\/fr\/default.asp\">50, prom. Sussex, Ottawa<\/a><br \/>\n<strong>Adresse :<\/strong> <span style=\"font-weight: 400;\">50, prom. Sussex, Ottawa, ON K1M 2K1<\/span><br \/>\n<strong>Parcours Promenade des jardins :<\/strong> <a href=\"https:\/\/www.gardenpromenade.ca\/fr\/garden_routes\/sussex-drive\/\">Parcours promenade Sussex<\/a><br \/>\n<strong>Num\u00e9ro du jardin :<\/strong> <span style=\"font-weight: 400;\">2 (1)<\/span><br \/>\n<strong>Services aux visiteurs :<\/strong> Stationnement $ \u2013\u00a0 Toilettes, accessibles en fauteuil roulant \u2013 Enfants bienvenus \u2013 Aires de caf\u00e9s et restaurants proches <span style=\"font-weight: 400;\">(Tavern on the Falls)<\/span><\/p>\n<p><strong>Description :<\/strong> Depuis sa cr\u00e9ation en 1990, chaque printemps, le Jardin international de la paix d\u2019Ottawa pr\u00e9sente une exposition de tulipes \u00e0 floraison pr\u00e9coce.<br \/>\nEn 1990, la Ville d\u2019Ottawa et le Festival canadien des tulipes (un \u00e9v\u00e9nement annuel qui remonte \u00e0 l\u2019apr\u00e8s-guerre) ont offert aux \u00c9tats-Unis un \u00abjardin de la paix\u00bb pour c\u00e9l\u00e9brer la plus longue fronti\u00e8re non d\u00e9fendue au monde. La d\u00e9dicace de ce jardin a inspir\u00e9 la cr\u00e9ation en 1991 de la Fondation du Jardin international de la paix, un organisme caritatif vou\u00e9 \u00e0 la promotion des droits de la personne et de l\u2019amiti\u00e9 entre les peuples. La Fondation travaille de concert avec le Festival canadien des tulipes \u00e0 la coordination du don annuel entre pays d\u2019un jardin de la paix, le dernier r\u00e9cipiendaire choisissant le prochain \u00e0 recevoir cet honneur. Depuis, d\u2019autres jardins ont \u00e9t\u00e9 cr\u00e9\u00e9s partout dans le monde, de l\u2019Italie au Japon.<br \/>\n<strong>20 Jardins internationaux de la paix<\/strong><br \/>\n1990 Ottawa, Canada\u00a0 \u00a0 1991 Washington, DC\u00a0 \u00a0 1992 Varsovie, Pologne<br \/>\n1993 Berlin, Allemagne\u00a0 \u00a0 1994 Budapest, Hongrie\u00a0 \u00a0 1995 Strasbourg, France<br \/>\n1996 Ljubljana, Slov\u00e9nie\u00a0 \u00a0 1997 Pretoria, Afrique du Sud\u00a0 \u00a0 1999 San Jos\u00e9, Costa Rica<br \/>\n2000 La Haye, Pays-Bas\u00a0 \u00a0 2001 Hiroshima, Japon\u00a0 \u00a0 2002 Vienne, Autriche<br \/>\n2003 Rome, Italie\u00a0 \u00a0 2004 Ath\u00e8nes, Gr\u00e8ce\u00a0 \u00a0 2005 Nicosie, Chypre\u00a0 \u00a0 2006 Dublin, Irlande<br \/>\n2007 Berne, Suisse\u00a0 \u00a0 2008 Kiev, Ukraine\u00a0 \u00a0 2010 Istanbul, Turquie<br \/>\n2017 Puerto Vallarta, Mexique<\/p>\n<ul>\n<li><strong>JARDIN DE ROSES<\/strong><\/li>\n<\/ul>\n<p><strong>Nom du jardin :<\/strong>\u00a0 Jardin de roses<br \/>\n<strong>Lieu :<\/strong> <a href=\"http:\/\/www.rcgs.org\/fr\/default.asp\">50, prom. Sussex, Ottawa<\/a><br \/>\n<strong>Adresse :<\/strong> <span style=\"font-weight: 400;\">50, prom. Sussex, Ottawa, ON K1M 2K1<\/span><br \/>\n<strong>Parcours Promenade des jardins :<\/strong> <a href=\"https:\/\/www.gardenpromenade.ca\/fr\/garden_routes\/sussex-drive\/\">Parcours promenade Sussex<\/a><br \/>\n<strong>Num\u00e9ro du jardin :<\/strong> <span style=\"font-weight: 400;\">2 (2)<\/span><br \/>\n<strong>Services aux visiteurs :<\/strong> Stationnement $ \u2013\u00a0 Toilettes, accessibles en fauteuil roulant \u2013 Enfants bienvenus \u2013 Aires de caf\u00e9s et restaurants proche <span style=\"font-weight: 400;\">(Tavern on the Falls)<\/span><\/p>\n<p>&nbsp;<\/p>\n<hr \/>\n<p>&nbsp;<\/p>\n<h4><strong><b>CANADENSIS &#8211; LE JARDIN DU CANADA<\/b><\/strong><\/h4>\n<p><strong>Nom du jardin :<\/strong> <a href=\"https:\/\/www.canadensisgarden.ca\/\">Canadensis &#8211; Le Jardin du Canada<img class=\"alignright\" src=\"https:\/\/www.gardenpromenade.ca\/wp-content\/uploads\/2019\/05\/CANADENSIS-300x217.jpg\" \/><\/a><br \/>\n<strong>Lieu :<\/strong> Ferme exp\u00e9rimentale centrale<br \/>\n<strong>Adresse :<\/strong> Ferme exp\u00e9rimentale centrale, prom. <span style=\"font-weight: 400;\">Prince of Wales, Ottawa, ON<\/span><br \/>\n<strong>Parcours Promenade des jardins : <\/strong><a href=\"https:\/\/www.gardenpromenade.ca\/fr\/garden_routes\/central-experimental-garden-route\/\">Parcours de la Ferme exp\u00e9rimentale centrale<\/a><br \/>\n<strong>Num\u00e9ro du jardin :<\/strong> <span style=\"font-weight: 400;\">9<\/span><br \/>\n<strong>Services aux visiteurs :<\/strong> Stationnement \u2013\u00a0 Toilettes \u2013 Enfants bienvenus \u2013 Chiens en laisse bienvenus \u2013 Aires de caf\u00e9s et restaurants proches<\/p>\n<p><strong>Description :<\/strong> Canadensis pr\u00e9sente Beyond the Edge: Artists\u2019s Gardens, une exposition de land art pr\u00e9sent\u00e9e pour la premi\u00e8re fois en 2014. L\u2019exposition explorait la notion d\u2019oasis rurale au c\u0153ur d\u2019un centre urbain. En 2016, la Canadensis Botanical Garden Society s&rsquo;est associ\u00e9e \u00e0 la Banque d&rsquo;\u0153uvres d&rsquo;art du Conseil des Arts du Canada pour pr\u00e9senter les \u0153uvres en plein air d&rsquo;un groupe d&rsquo;artistes qui ont cr\u00e9\u00e9 des installations en r\u00e9ponse \u00e0 3 sculptures d&rsquo;ext\u00e9rieur pr\u00eat\u00e9es par la collection de la Banque d&rsquo;art. Trois nouvelles installations ont \u00e9t\u00e9 ajout\u00e9es au site pour un total de 6 exp\u00e9riences uniques. Un abri solaire attrayant et moderne a \u00e9galement \u00e9t\u00e9 construit sur le site, con\u00e7u par des \u00e9tudiants des cycles sup\u00e9rieurs de l\u2019\u00c9cole d\u2019architecture et d\u2019urbanisme Azrieli de l\u2019Universit\u00e9 Carleton. Le site est un lieu de pique-nique merveilleux situ\u00e9 dans un paysage inspirant, urbain et pastoral.<\/p>\n<p>Canadensis, Le jardin du Canada: Plan directeur<br \/>\nLa conception du plan directeur a pour objectif de transformer la parcelle de 34 acres en jach\u00e8re de la Ferme exp\u00e9rimentale centrale situ\u00e9e au sud de l\u2019Arboretum national en un chef-d\u2019\u0153uvre botanique moderne et d\u2019une port\u00e9e internationale. Imaginez ceci : les visiteurs pourront bient\u00f4t prendre un bateau-taxi du centre-ville d&rsquo;Ottawa, se diriger vers le silo lointain, une tour de jardin verticale servant de rep\u00e8re, une d\u00e9claration architecturale et horticole au c\u0153ur du jardin. En descendant du bateau aux \u00c9cluses Hartwells du canal Rideau, ils peuvent rejoindre d&rsquo;autres visiteurs qui profitent des multiples attraits de Canadensis, le Jardin du Canada.<\/p>\n<p>&nbsp;<\/p>\n<hr \/>\n<p>&nbsp;<\/p>\n<h4><strong>JARDINS DU CARR\u00c9 VAUDREUIL <img loading=\"lazy\" class=\"wp-image-1283 size-medium alignright\" src=\"http:\/\/www.gardenpromenade.ca\/wp-content\/uploads\/2017\/06\/Vaudreuil-300x210.jpg\" alt=\"\" width=\"300\" height=\"210\" \/><\/strong><\/h4>\n<p><strong>Nom du jardin :<\/strong> Jardins du Carr\u00e9 Vaudreuil<br \/>\n<strong>Lieu : <\/strong><a href=\"https:\/\/www.facebook.com\/pages\/Parc-du-Carr%C3%A9-Vaudreuil\/155818321164858\">Parc du Carr\u00e9 Vaudreuil<\/a><br \/>\n<strong>Adresse :<\/strong> <span style=\"font-weight: 400;\">50, rue Vaudreuil, Gatineau, QC J8X 2B8<\/span><br \/>\n<strong>Parcours Promenade des jardins : <\/strong><a href=\"https:\/\/www.gardenpromenade.ca\/fr\/garden_routes\/centre-ville-gatineau\/\">Parcours du Centre-ville de Gatineau<\/a><br \/>\n<strong>Num\u00e9ro du jardin :<\/strong> <span style=\"font-weight: 400;\">6<\/span><br \/>\n<strong>Services aux visiteurs :<\/strong> Stationnement $ \u2013\u00a0 Toilettes, accessibles en fauteuil roulant \u2013 Enfants bienvenus \u2013 Aires de caf\u00e9s et restaurants proches<\/p>\n<p><strong>Description :<\/strong> Les jardins de ce parc tr\u00e8s urbain sont un r\u00e9gal pour les habitants du quartier &#8211; jeunes et vieux, mais aussi pour les fonctionnaires qui y travaillent et les visiteurs qui veulent prendre la peine de se renseigner.<br \/>\nSitu\u00e9 dans le secteur de Hull, le parc est bord\u00e9 au nord et au sud par les rues Vaudreuil et H\u00f4tel-de-Ville, et \u00e0 l&rsquo;est et \u00e0 l&rsquo;ouest par les rues Leduc et H\u00e9l\u00e8ne-Duval. Le jardin est de type europ\u00e9en que l&rsquo;on ne le trouve pas du c\u00f4t\u00e9 d\u2019Ottawa. Pour preuve la cl\u00f4ture en fer forg\u00e9 qui entoure le jardin et la fontaine centrale avec des plates-bandes tout autour.<br \/>\n\u00c0 l&rsquo;ann\u00e9e, on peut y d\u00e9couvrir plusieurs arbres matures, des vari\u00e9t\u00e9s d&rsquo;arbustes et de nombreuses plantes vivaces. Les arbres sont feuillus et conif\u00e8res, ainsi que des arbres fruitiers. Chaque saison offre des attraits de cette biodiversit\u00e9 exceptionnelle peu comparable aux autres parcs de la ville.<\/p>\n<p>&nbsp;<\/p>\n<hr \/>\n<p>&nbsp;<\/p>\n<h4><strong>JARDIN DES PROVINCES ET DES TERRITORIES<\/strong><\/h4>\n<p><img loading=\"lazy\" class=\" wp-image-688 alignright\" src=\"http:\/\/www.gardenpromenade.ca\/wp-content\/uploads\/2017\/06\/Garden_Prov_Terr2016-17-1-300x200.jpg\" alt=\"\" width=\"305\" height=\"203\" \/><strong>Nom du jardin :<\/strong> <a href=\"https:\/\/heritageottawa.org\/fr\/50years\/jardin-des-provinces-et-des-territoires\">Jardins des provinces et des territoires<\/a><br \/>\n<strong>Lieu :\u00a0<\/strong> rue Wellington, coin rue Bay<span style=\"font-weight: 400;\">, Ottawa, ON<\/span><br \/>\n<strong>Adresse :<\/strong> rue Wellington \u00e0 l&rsquo;ouest de la rue Bay, Ottawa | limit\u00e9e par la rue Wellington au nord et \u00e0 l&rsquo;ouest, la rue Bay \u00e0 l&rsquo;est et la rue Sparks au sud<br \/>\n<strong>Parcours Promenade des jardins : <\/strong><a href=\"https:\/\/www.gardenpromenade.ca\/fr\/garden_routes\/miracle-gro-downtown-garden-route\/\">Parcours Miracle-Gro du Centre-ville d&rsquo;Ottawa\u00a0<\/a><br \/>\n<strong>Num\u00e9ro du jardin :<\/strong> <span style=\"font-weight: 400;\">14<\/span><br \/>\n<strong>Services aux visiteurs :<\/strong> Stationnement $ \u2013\u00a0 Accessible partiellement en fauteuil roulant \u2013 Enfants bienvenus \u2013 Chiens en laisse bienvenus \u2013 Aires de caf\u00e9 et restaurants proches<\/p>\n<p><strong>Description :<\/strong> Ce jardin comm\u00e9more l\u2019union des provinces et des territoires du Canada. On y d\u00e9couvre un m\u00e9lange de plantes vivaces \u00e0 fleurs longues et \u00e0 tiges fortes, ainsi que de gramin\u00e9es ornementales, imitant le paysage des prairies, de la toundra et des rivages rocheux des c\u00f4tes canadiennes.<br \/>\nLe Jardin des provinces et des territoires est l\u2019un des plus importants paysages modernistes du Canada. Propos\u00e9 dans le plan Gr\u00e9ber de 1950 et con\u00e7u en 1960 par l&rsquo;architecte paysagiste Donald W. Graham (1930-2017), le Jardin a \u00e9t\u00e9 cr\u00e9\u00e9 pour c\u00e9l\u00e9brer les provinces de la Conf\u00e9d\u00e9ration en pr\u00e9vision du centenaire du Canada. En 2005, il est devenu le Jardin des provinces et des territoires.<br \/>\nLa construction a commenc\u00e9 au d\u00e9but d&rsquo;octobre 1961. Le Premier ministre John Diefenbaker a officiellement inaugur\u00e9 le jardin le 25 septembre 1962.<br \/>\nLe jardin est compos\u00e9 de deux parties : un parc d&rsquo;un acre de terrasses et de plantations \u00e0 l&rsquo;angle des rues Sparks et Bay, et un parc adjacent de 4 acres avec un paysage pittoresque de pelouses et de plantations en pente vers l&rsquo;ouest.<br \/>\nLes terrasses ont \u00e9t\u00e9 organis\u00e9es de mani\u00e8re \u00e0 pouvoir \u00eatre vues, approch\u00e9es et appr\u00e9ci\u00e9es sous diff\u00e9rents angles et points de vue. La grande terrasse sup\u00e9rieure a \u00e9t\u00e9 con\u00e7ue en un quadrillage rigoureux compos\u00e9 de massifs de plantation et d\u2019arbres sur\u00e9lev\u00e9s, ainsi qu&rsquo;un motif de pav\u00e9s en agr\u00e9gats de b\u00e9ton bord\u00e9s de calcaire lisse.<br \/>\nSur le c\u00f4t\u00e9 ouest de la terrasse sup\u00e9rieure se trouve une fontaine sculpturale nomm\u00e9e Grands Lacs, con\u00e7ue par l&rsquo;architecte paysagiste Emil G. Vandermeulen avec les ing\u00e9nieurs-conseils Adjeleian and Associates.<br \/>\nLa sculpture en acier inoxydable nomm\u00e9e L&rsquo;Arbre fontaine, cr\u00e9\u00e9e par le sculpteur montr\u00e9alais Norman Slater, constitue l&rsquo;\u00e9l\u00e9ment le plus important de la terrasse inf\u00e9rieure. Des jets d\u2019eau se d\u00e9versent dans une piscine, s\u2019\u00e9coulant sous les tremplins, dans une piscine plus grande o\u00f9 la sculpture s&rsquo;\u00e9l\u00e8ve sur 6 m\u00e8tres et symbolise les for\u00eats du Canada.<br \/>\nLes provinces et les territoires sont repr\u00e9sent\u00e9s par des plaques de bronze et des motifs floraux mont\u00e9s sur la face int\u00e9rieure des balustrades en granit, ainsi que par des bouquets de drapeaux provinciaux, territoriaux et canadiens flottant au bout de m\u00e2ts en bronze de 40 pieds.<br \/>\nEntre 2004 et 2009, les fontaines et la ma\u00e7onnerie du jardin ont \u00e9t\u00e9 restaur\u00e9es et des rampes d&rsquo;accessibilit\u00e9 reliant les terrasses et la rue ont \u00e9t\u00e9 ajout\u00e9es. Les Armoiries ont \u00e9galement \u00e9t\u00e9 mises \u00e0 jour et le site est d\u00e9sormais connu sous le nom de Jardin des provinces et des territoires.<br \/>\nEn 2015, la CCN a ajout\u00e9 10 000 plantes repr\u00e9sentatives des esp\u00e8ces pr\u00e9sentes dans les provinces et les territoires du Canada. Le Jardin des provinces et des territoires est l&rsquo;une des conceptions de paysage les plus importantes du Canada \u00e0 l&rsquo;\u00e9poque moderne.<\/p>\n<p>&nbsp;<\/p>\n<hr \/>\n<p>&nbsp;<\/p>\n<h4><strong>JARDIN VERTICAL MINTO<\/strong><\/h4>\n<p><strong>Nom du jardin :<\/strong> <a href=\"https:\/\/gsky.com\/portfolio_page\/ottawa-minto-place\/\">Jardin vertical Minto\u00a0 <img class=\"alignright\" src=\"https:\/\/www.gardenpromenade.ca\/wp-content\/uploads\/2019\/05\/minto-225x300.jpg\" \/><\/a><br \/>\n<strong>Lieu :\u00a0<\/strong> Place Minto<br \/>\n<strong>Adresse :<\/strong> <span style=\"font-weight: 400;\">355, rue Slater, Ottawa, ON K1A 0S4<\/span><br \/>\n<strong>Parcours Promenade des jardins : <\/strong><a href=\"https:\/\/www.gardenpromenade.ca\/fr\/garden_routes\/miracle-gro-downtown-garden-route\/\">Parcours Miracle-Gro du Centre-ville d&rsquo;Ottawa\u00a0<\/a><br \/>\n<strong>Num\u00e9ro du jardin :<\/strong> <span style=\"font-weight: 400;\">12<\/span><br \/>\n<strong>Services aux visiteurs :<\/strong> Stationnement $ \u2013\u00a0 Accessible en fauteuil roulant \u2013 Enfants bienvenus \u2013 Chiens en laisse bienvenus \u2013 Aires de caf\u00e9 et restaurants<\/p>\n<p><strong>Description :<\/strong> Minto Place est le principal centre commercial du centre-ville d\u2019Ottawa, la capitale du Canada. Il se trouve \u00e0 seulement quelques rues du Parlement et de la plupart des grandes ambassades internationales, y compris l\u2019Ambassade des \u00c9tats-Unis, le plus grand b\u00e2timent du gouvernement am\u00e9ricain situ\u00e9 en dehors des \u00c9tats-Unis.<br \/>\nL&rsquo;architecte a r\u00e9ussi \u00e0 donner \u00e0 ce mur un aspect colossal et int\u00e9ressant pour que les employ\u00e9s de l&rsquo;\u00e9difice et les visiteurs puissent en profiter. Le design \u00ab\u00a0Mur vert\u00a0\u00bb des architectes pr\u00e9sente des formes rectangulaires uniques remplies de plantes similaires, mais de couleurs diff\u00e9rentes. Les zones rectilignes incorporent des s\u00e9parateurs en acier inoxydable qui encadrent chaque section, telle une \u0153uvre d&rsquo;art. Il contient des plantes \u00e0 faible luminosit\u00e9, car la lucarne de l\u2019atrium n&rsquo;en fourni pas beaucoup (surtout en hiver).<br \/>\nInstall\u00e9 : f\u00e9vrier 2010. Taille : 512 pieds carr\u00e9s. Architectes : Queens Quay Architects. Designer horticole : Queens Quay Architects. S\u00e9lection des plantes : GSKY.<\/p>\n<p>&nbsp;<\/p>\n<hr \/>\n<p>&nbsp;<\/p>\n<h4><strong>MOSA\u00cfCULTURE JOS MONTFERRAND<\/strong><\/h4>\n<p><strong>Nom du jardin :<\/strong> <span style=\"font-weight: 400;\">Mosa\u00efculture Jos Montferrand<\/span><img loading=\"lazy\" class=\"size-medium wp-image-3174 alignright\" src=\"https:\/\/gp.sarvanshu.com\/wp-content\/uploads\/2019\/05\/jos-montferrand-mosaiculture-gatineau-300x169.jpg\" alt=\"\" width=\"300\" height=\"169\" \/><br \/>\n<strong>Lieu :\u00a0<\/strong> <span style=\"font-weight: 400;\">sortie autoroute 50 sur la rue Montcalm<\/span><br \/>\n<strong>Adresse :<\/strong> <span style=\"font-weight: 400;\">sortie autoroute 50 sur la rue Montcalm<\/span><br \/>\n<strong>Parcours Promenade des jardins : <\/strong><a href=\"https:\/\/www.gardenpromenade.ca\/fr\/garden_routes\/centre-ville-gatineau\/\">Parcours Centre-ville de Gatineau\u00a0<\/a><br \/>\n<strong>Num\u00e9ro du jardin :<\/strong> <span style=\"font-weight: 400;\">5<\/span><br \/>\n<strong>Services aux visiteurs :<\/strong> Stationnement $ \u2013\u00a0 Accessible en fauteuil roulant \u2013 Enfants bienvenus \u2013 Aires de caf\u00e9s et restaurants<\/p>\n<p><strong>Description :\u00a0<\/strong>La sculpture de Jos Montferrand, offerte \u00e0 Gatineau par les Mosa\u00efcultures internationales, a trouv\u00e9 un nouvel emplacement. L&rsquo;\u0153uvre d&rsquo;art g\u00e9ante est d\u00e9sormais install\u00e9e \u00e0 la sortie de l&rsquo;autoroute 50, rue Montcalm, un carrefour culturel de la municipalit\u00e9.<br \/>\nR\u00e9cemment, la ville de Gatineau a attribu\u00e9 le contrat de 54 000 $ aux Mosa\u00efcultures pour l&rsquo;exposition et l&rsquo;entretien de la sculpture v\u00e9g\u00e9tale pour une ann\u00e9e. La municipalit\u00e9 a choisi cette option puisque ses employ\u00e9s n&rsquo;ont pas cette expertise. Par apr\u00e8s, le conseil municipal d\u00e9cidera du sort de la sculpture.<\/p>\n<p>Le b\u00fbcheron Joseph Montferrand, mieux connu comme Jos Montferrand, est toujours consid\u00e9r\u00e9 comme l&rsquo;une des plus grandes figures de la l\u00e9gende canadienne-fran\u00e7aise. Partout en Am\u00e9rique du Nord, de nombreux noms\u00a0 font r\u00e9f\u00e9rence au h\u00e9ros : Montferan, Muffraw, Mouffreau, Mufferoin, Maufree et Murphy. Bien qu&rsquo;il soit \u00e9troitement associ\u00e9 \u00e0 la vall\u00e9e de l&rsquo;Outaouais, cet homme fort draveur contrema\u00eetre de radeau n&rsquo;est pas n\u00e9 dans la r\u00e9gion. Mais, il y a pass\u00e9 la moiti\u00e9 de sa vie, attir\u00e9 par l&rsquo;industrie foresti\u00e8re qui constitua la force \u00e9conomique de la r\u00e9gion au 20e si\u00e8cle. C&rsquo;est \u00e9galement l\u00e0 qu&rsquo;il est devenu un personnage de l\u00e9gende. Aujourd&rsquo;hui, il y a peu de moyens pour distinguer ses v\u00e9ritables exploits des r\u00e9cits purement folkloriques.<\/p>\n<hr \/>\n<p>&nbsp;<\/p>\n<h4><strong>JARDIN SUR LE TOIT DU CENTRE NATIONAL DES ARTS<\/strong><\/h4>\n<p><strong>Nom du jardin :<\/strong> <span style=\"font-weight: 400;\">Jardin sur le toit du Centre national des Arts<img class=\"alignright\" src=\"https:\/\/www.gardenpromenade.ca\/wp-content\/uploads\/2019\/05\/nac-garden-300x225.jpg\" \/><\/span><strong>ieu :\u00a0<\/strong> <a href=\"https:\/\/nac-cna.ca\/fr\/\"><span style=\"font-weight: 400;\">Centre national des Arts<\/span><\/a><br \/>\n<strong>Adresse :<\/strong> <span style=\"font-weight: 400;\">1, rue Elgin, Ottawa, ON K1P 5W1<\/span><br \/>\n<strong>Parcours Promenade des jardins : <\/strong><a href=\"https:\/\/www.gardenpromenade.ca\/fr\/garden_routes\/miracle-gro-downtown-garden-route\/\">Parcours Miracle-Gro du Centre-ville d&rsquo;Ottawa\u00a0<\/a><br \/>\n<strong>Num\u00e9ro du jardin :<\/strong> <span style=\"font-weight: 400;\">1<\/span><br \/>\n<strong>Services aux visiteurs :<\/strong> Stationnement $ \u2013\u00a0 Accessible en fauteuil roulant \u2013 Aires de caf\u00e9s et restaurants<\/p>\n<p><strong>Description :<\/strong> Dans son jardin sur le toit, le CNA a cr\u00e9\u00e9 un esp\u00e8ce d&rsquo;\u00e9cosyst\u00e8me avec des contenants \u00e0 base de composte de plantes utilis\u00e9s pour la croissance de fleurs et d&rsquo;aromates. Les fines herbes fra\u00eechement cultiv\u00e9es seront utilis\u00e9es dans Le Caf\u00e9 du CNA, un restaurant bien connu. De plus, le CNA a ajout\u00e9 deux nouvelles ruches pour la pollinisation des jardins et la production de miel.<br \/>\nLe nouveau programme a \u00e9t\u00e9 cr\u00e9\u00e9 r\u00e9cemment gr\u00e2ce \u00e0 une collaboration avec le CNA, le Conseil canadien du compost, Tomlinson Organics et Gees Bees Honey Company. Le programme de compostage est con\u00e7u pour remplacer les contenants en plastique pour aliments et boissons par des alternatives compostables \u00e0 base de plantes.<br \/>\nOn estime que 500 000 verres \u00e0 vin et \u00e0 bi\u00e8re, ustensiles, pailles et assiettes utilis\u00e9s chaque ann\u00e9e par les visiteurs du CNA seront d\u00e9tourn\u00e9es des sites d&rsquo;enfouissement en raison du nouveau projet.<\/p>\n<p>&nbsp;<\/p>\n<hr \/>\n<p>&nbsp;<\/p>\n<h4><strong>JARDIN OLYMPIQUE<img loading=\"lazy\" class=\"size-medium wp-image-694 alignright\" src=\"http:\/\/www.gardenpromenade.ca\/wp-content\/uploads\/2017\/06\/OlympicGarden_MG_0803-300x200.jpg\" alt=\"\" width=\"300\" height=\"200\" \/><\/strong><\/h4>\n<p><strong>Nom du jardin :<\/strong> <a href=\"http:\/\/ccn-ncc.gc.ca\/endroits\/les-tulipes-dans-la-capitale\"><span style=\"font-weight: 400;\">Jardin olympique<\/span><\/a><br \/>\n<strong>Lieu :\u00a0<\/strong>sud de Princess Patricia Way, coin prom. Prince of Wales, Ottawa<br \/>\n<strong>Adresse :<\/strong> <span style=\"font-weight: 400;\">450, prom. Queen Elizabeth, Ottawa, ON<\/span><br \/>\n<strong>Parcours Promenade des jardins : <\/strong><a href=\"https:\/\/www.gardenpromenade.ca\/fr\/garden_routes\/more-gardens\/\">Plus de jardins<\/a><br \/>\n<strong>Num\u00e9ro du jardin :<\/strong> <span style=\"font-weight: 400;\">11<\/span><br \/>\n<strong>Services aux visiteurs :<\/strong> Stationnement $ \u2013\u00a0 Toilettes proches \u2013\u00a0 Accessible en fauteuil roulant \u2013 Enfants bienvenus \u2013 Chiens en laisse bienvenus \u2013 Aires de caf\u00e9s et restaurants proches<\/p>\n<p><strong>Description :<\/strong> Le long du canal Rideau, en bas des Jardins Lansdowne, vous trouverez le Jardin olympique. Comme nos athl\u00e8tes, les tulipes et autres fleurs de ce jardin sont des artistes remarquables. Pour comm\u00e9morer le relais de la flamme olympique de 1988, les tulipes de la \u00ab Flamme olympique \u00bb servent de toile de fond \u00e0 la sculpture \u00ab Partageons la Flamme \u00bb de Vilem Zach. Au printemps, ces tulipes sont associ\u00e9es aux tulipes \u00ab Jan Seignette \u00bb aux couleurs invers\u00e9es entourant la statue de bronze portant une torche olympique.<br \/>\nUne promenade de deux kilom\u00e8tres le long du canal Rideau depuis le parc des commissaires vous m\u00e8nera \u00e0 ce jardin.<\/p>\n<hr \/>\n<h4><\/h4>\n<h4><strong>H\u00d4TEL DE VILLE D&rsquo;OTTAWA<\/strong><\/h4>\n<ul>\n<li><strong>JARDIN DE ROSES DU TRAIT\u00c9 DE GHEN<img class=\"alignright\" src=\"https:\/\/www.gardenpromenade.ca\/wp-content\/uploads\/2019\/05\/treaty-300x225.jpg\" \/><\/strong><\/li>\n<\/ul>\n<p><strong>Nom du jardin : <\/strong><a href=\"http:\/\/www.waymarking.com\/waymarks\/WMVY1D_1814_Treaty_of_Ghent_Rose_Garden_Ottawa_ON\">Jardin de roses du Trait\u00e9 de GHENT<\/a><br \/>\n<strong>Lieu : <\/strong>H\u00f4tel de ville d&rsquo;Ottawa<br \/>\n<strong>Adresse :<\/strong> <span style=\"font-weight: 400;\">110, ave Laurier ouest, Ottawa, ON K1P 1J1<\/span><br \/>\n<strong>Parcours Promenade des jardins : <\/strong><a href=\"https:\/\/www.gardenpromenade.ca\/fr\/garden_routes\/miracle-gro-downtown-garden-route\/\">Parcours Miracle-Gro du Centre-ville d&rsquo;Ottawa<\/a><br \/>\n<strong>Num\u00e9ro du jardin :<\/strong> <span style=\"font-weight: 400;\">3.1<\/span><br \/>\n<strong>Services aux visiteurs :<\/strong> Stationnement $ \u2013\u00a0 Toilettes, accessible en fauteuil roulant \u2013 Enfants bienvenus \u2013 Aires de caf\u00e9s et restaurants<\/p>\n<p><strong>Description :<\/strong> Situ\u00e9e sur la place Nelson Mandela, pr\u00e8s du M\u00e9morial des Droits de l&rsquo;homme, cette roseraie est un cadeau de la Soci\u00e9t\u00e9 royale belge pour l&rsquo;agriculture et la botanique comm\u00e9morant le 200e anniversaire de la signature du trait\u00e9 de Gand, mettant ainsi fin \u00e0 la guerre de 1812.<br \/>\nLa rose Trait\u00e9 de Gand de ce jardin est une vari\u00e9t\u00e9 cr\u00e9\u00e9e en 1815 au Salon des fleurs de Gand pour honorer la d\u00e9l\u00e9gation qui a n\u00e9goci\u00e9 le trait\u00e9.<br \/>\nIl a \u00e9t\u00e9 d\u00e9voil\u00e9 en 2014 par l&rsquo;Ambassadeur de Belgique au Canada et le maire de la ville d&rsquo;Ottawa.<\/p>\n<ul>\n<li><strong>JARDIN DE LA PLACE MARION DEWAR<\/strong><\/li>\n<\/ul>\n<p><strong>Nom du jardin : <\/strong>Jardin de la place Marion Dewar<br \/>\n<strong>Lieu : <\/strong><a href=\"https:\/\/ottawa.ca\/fr\/hotel-de-ville\">H\u00f4tel de ville d&rsquo;Ottawa<\/a><br \/>\n<strong>Adresse :<\/strong> <span style=\"font-weight: 400;\">110, ave Laurier ouest, Ottawa, ON K1P 1J1<\/span><br \/>\n<strong>Parcours Promenade des jardins : <\/strong><a href=\"https:\/\/www.gardenpromenade.ca\/fr\/garden_routes\/miracle-gro-downtown-garden-route\/\">Parcours Miracle-Gro du Centre-ville d&rsquo;Ottawa<\/a><br \/>\n<strong>Num\u00e9ro du jardin :<\/strong> <span style=\"font-weight: 400;\">3.2<\/span><br \/>\n<strong>Services aux visiteurs :<\/strong> Stationnement $ \u2013\u00a0 Toilettes, accessible en fauteuil roulant \u2013 Enfants bienvenus \u2013 Aires de caf\u00e9s et restaurants<\/p>\n<p><strong>Description : <\/strong>La place Marion Dewar est un espace public con\u00e7u pour inciter les visiteurs \u00e0 ralentir et \u00e0 interagir les uns avec les autres. Il pr\u00e9sente une architecture paysag\u00e9e, de larges sentiers et une fontaine peu profonde dans laquelle les visiteurs sont invit\u00e9s \u00e0 patauger lors des chaudes journ\u00e9es d&rsquo;\u00e9t\u00e9.<br \/>\nQui est Marion Dewar? Une ancienne mairesse qui a touch\u00e9 la vie de nombreuses personnes. Marion Dewar a \u00e9t\u00e9 mairesse d\u2019Ottawa de 1978 \u00e0 1985. L\u2019une de ses nombreuses r\u00e9alisations est un programme appel\u00e9 Project 4000 qui a permis \u00e0 des Boat People vietnamiens de s\u2019installer dans la capitale. Dewar est d\u00e9c\u00e9d\u00e9e en 2008, elle avait 80 ans.<\/p>\n<ul>\n<li><strong>JARDIN COMMUNAUTAIRE<\/strong><\/li>\n<\/ul>\n<p><strong>Nom du jardin : <\/strong>Jardin communautaire de l&rsquo;H\u00f4tel de ville<br \/>\n<strong>Lieu : <\/strong><a href=\"https:\/\/ottawa.ca\/fr\/hotel-de-ville\">H\u00f4tel de ville d&rsquo;Ottawa<\/a><br \/>\n<strong>Adresse :<\/strong> <span style=\"font-weight: 400;\">110, ave Laurier ouest, Ottawa, ON K1P 1J1<\/span><br \/>\n<strong>Parcours Promenade des jardins : <\/strong><a href=\"https:\/\/www.gardenpromenade.ca\/fr\/garden_routes\/miracle-gro-downtown-garden-route\/\">Parcours Miracle-Gro du Centre-ville d&rsquo;Ottawa<\/a><br \/>\n<strong>Num\u00e9ro du jardin :<\/strong> <span style=\"font-weight: 400;\">3.3<\/span><br \/>\n<strong>Services aux visiteurs :<\/strong> Stationnement $ \u2013\u00a0 Toilettes, accessible en fauteuil roulant \u2013 Enfants bienvenus \u2013 Aires de caf\u00e9s et restaurants<\/p>\n<p>&nbsp;<\/p>\n<hr \/>\n<h4><strong>JARDINS DE LA COLLINE DU PARLEMENT<img loading=\"lazy\" class=\"size-medium wp-image-693 alignright\" src=\"http:\/\/www.gardenpromenade.ca\/wp-content\/uploads\/2017\/06\/ParliamentHill_MG_0754-300x200.jpg\" alt=\"\" width=\"300\" height=\"200\" \/><\/strong><\/h4>\n<p><strong>Nom du jardin : <\/strong>Jardin de la colline du Parlement<br \/>\n<strong>Lieu :<\/strong> <a href=\"https:\/\/www.parl.ca\/\">Colline du Parlement<\/a><br \/>\n<strong>Adresse :<\/strong> <span style=\"font-weight: 400;\">111, rue Wellington, Ottawa, ON K1A 0A9<\/span><br \/>\n<strong>Parcours Promenade des jardins : <\/strong><a href=\"https:\/\/www.gardenpromenade.ca\/fr\/garden_routes\/miracle-gro-downtown-garden-route\/\">Parcours Miracle-Gro du Centre-ville d&rsquo;Ottawa<\/a><br \/>\n<strong>Num\u00e9ro du jardin :<\/strong> <span style=\"font-weight: 400;\">8<\/span><br \/>\n<strong>Services aux visiteurs :<\/strong> Toilettes proches, partiellement accessible en fauteuil roulant \u2013 Enfants bienvenus \u2013 Aires de pique-nique<\/p>\n<p><strong>Description :<\/strong> De jolis jardins et une architecture gothique situ\u00e9s sur les rives de la rivi\u00e8re des Outaouais. Le\u00a0 principal espace ext\u00e9rieur de la colline constitue un quadrilat\u00e8re d\u00e9limit\u00e9 par les b\u00e2timents du Parlement et am\u00e9nag\u00e9 \u00e0 la mani\u00e8re d&rsquo;un jardin formel. Cette \u00e9tendue est le site de c\u00e9l\u00e9brations majeures, de d\u00e9monstrations et de spectacles traditionnels, tels que la Rel\u00e8ve de la garde ou les c\u00e9l\u00e9brations annuelles de la F\u00eate du Canada. Sur les abords des b\u00e2timents, les surfaces sont am\u00e9nag\u00e9es dans le style du jardin anglais, parsem\u00e9es de statues, de monuments comm\u00e9moratifs et, au nord-ouest, d&rsquo;une structure gothique de charpentier appel\u00e9e le belv\u00e9d\u00e8re d&rsquo;\u00e9t\u00e9, une reconstruction en 1995 d&rsquo;un pr\u00e9c\u00e9dent gazebo, la Maison d&rsquo;\u00e9t\u00e9, construit pour le Pr\u00e9sident de la Chambre des communes en 1877 par Thomas Seton Scott et d\u00e9moli en 1956. Au-del\u00e0 des limites de ces espaces paysagers, l&rsquo;escarpement reste \u00e0 l&rsquo;\u00e9tat naturel.<\/p>\n<p>&nbsp;<\/p>\n<hr \/>\n<p>&nbsp;<\/p>\n<h4><strong>JARDIN DE LA PHOTOSYNTH\u00c8SE SPAO<\/strong><\/h4>\n<p><img loading=\"lazy\" class=\"size-medium wp-image-3172 alignright\" src=\"https:\/\/gp.sarvanshu.com\/wp-content\/uploads\/2019\/05\/more-spao-225x300.jpg\" alt=\"\" width=\"225\" height=\"300\" srcset=\"https:\/\/www.gardenpromenade.ca\/wp-content\/uploads\/2019\/05\/more-spao-225x300.jpg 225w, https:\/\/www.gardenpromenade.ca\/wp-content\/uploads\/2019\/05\/more-spao.jpg 720w\" sizes=\"(max-width: 225px) 100vw, 225px\" \/><\/p>\n<p><strong>Nom du jardin : <\/strong>Jardin \u00ab\u00a0EarthBound\u00a0\u00bb de la photosynth\u00e8se<br \/>\n<strong>Lieu :<\/strong> <a href=\"http:\/\/spao.ca\/\">SPAO &#8211; School of Photographic Arts d&rsquo;Ottawa<\/a><br \/>\n<strong>Adresse :<\/strong> <span style=\"font-weight: 400;\">77, rue Pamilla, Ottawa, ON K1S 3K7<\/span><br \/>\n<strong>Parcours Promenade des jardins : <\/strong><a href=\"https:\/\/www.gardenpromenade.ca\/fr\/garden_routes\/central-experimental-garden-route\/\">Parcours de la Ferme exp\u00e9rimentale centrale<\/a><br \/>\n<strong>Num\u00e9ro du jardin :<\/strong> <span style=\"font-weight: 400;\">3<\/span><br \/>\n<strong>Services aux visiteurs :<\/strong> Stationnement sur la rue &#8211; Toilettes, accessible en fauteuil roulant<\/p>\n<p><strong>Description :<br \/>\n\u2022 EarthBound <\/strong>\u2013 installation ext\u00e9rieure de l&rsquo;artiste d&rsquo;Ottawa et ancienne de la SPAO, Barbara Brown. EarthBound imagine le corps humain en relation avec les mod\u00e8les de croissance de la terre. Le travail de Brown sert de monument \u00e0 tous ceux qui nous ont pr\u00e9c\u00e9d\u00e9s, avec une conscience sous-jacente que la mort nourrit la vie. En tant que d\u00e9fi \u00e0 l&rsquo;id\u00e9e d&rsquo;opposition terre\/corps, ces figures terrestres habitent l&rsquo;espace entre le pass\u00e9 et le pr\u00e9sent, la vie et la mort, le monde naturel et notre propre sens de l&rsquo;auto-existence au-del\u00e0 de notre propre conscience. Tout au long de l&rsquo;exposition, l&rsquo;\u0153uvre fait le pont entre la m\u00e9moire et le deuil, et sugg\u00e8re un chemin vers le long processus de gu\u00e9rison. En ces temps sans pr\u00e9c\u00e9dent, notre chagrin peut s&rsquo;accumuler et s&rsquo;aggraver, souvent sans rel\u00e2che. Des soldats tomb\u00e9s au combat du pass\u00e9, \u00e0 nos amis, notre famille et nos voisins, nous faisons tous partie de ce cycle ; nous sommes li\u00e9s \u00e0 la terre ; on s&rsquo;en nourrit et on y retourne enfin.<br \/>\nDates d&rsquo;exposition : jusqu&rsquo;au vendredi 15 octobre<br \/>\nHeures de visionnage : du lever au coucher du soleil !<\/p>\n","protected":false},"excerpt":{"rendered":"<p>Le 50 SUSSEX JARDIN INTERNATIONAL DE LA PAIX Nom du jardin :\u00a0 Jardin international de la paix Lieu : 50, prom. Sussex, Ottawa Adresse : 50, prom. Sussex, Ottawa, ON K1M 2K1 Parcours Promenade des jardins : Parcours promenade Sussex Num\u00e9ro du jardin : 2 (1) Services aux visiteurs : Stationnement $ \u2013\u00a0 Toilettes, accessibles [&hellip;]<\/p>\n","protected":false},"featured_media":1114,"template":"","meta":{"_monsterinsights_skip_tracking":false,"_monsterinsights_sitenote_active":false,"_monsterinsights_sitenote_note":"","_monsterinsights_sitenote_category":0},"categories":[32],"yoast_head":"<!-- This site is optimized with the Yoast SEO plugin v17.1 - https:\/\/yoast.com\/wordpress\/plugins\/seo\/ -->\n<title>Jardins vedettes &ndash; Garden Promenade<\/title>\n<meta name=\"robots\" content=\"index, follow, max-snippet:-1, max-image-preview:large, max-video-preview:-1\" \/>\n<link rel=\"canonical\" href=\"https:\/\/www.gardenpromenade.ca\/fr\/gardens\/feature-gardens\/\" \/>\n<meta property=\"og:locale\" content=\"fr_FR\" \/>\n<meta property=\"og:type\" content=\"article\" \/>\n<meta property=\"og:title\" content=\"Jardins vedettes &ndash; Garden Promenade\" \/>\n<meta property=\"og:description\" content=\"Le 50 SUSSEX JARDIN INTERNATIONAL DE LA PAIX Nom du jardin :\u00a0 Jardin international de la paix Lieu : 50, prom. Sussex, Ottawa Adresse : 50, prom. Sussex, Ottawa, ON K1M 2K1 Parcours Promenade des jardins : Parcours promenade Sussex Num\u00e9ro du jardin : 2 (1) Services aux visiteurs : Stationnement $ \u2013\u00a0 Toilettes, accessibles [&hellip;]\" \/>\n<meta property=\"og:url\" content=\"https:\/\/www.gardenpromenade.ca\/fr\/gardens\/feature-gardens\/\" \/>\n<meta property=\"og:site_name\" content=\"Garden Promenade\" \/>\n<meta property=\"article:publisher\" content=\"https:\/\/www.facebook.com\/gardenpromenade\/\" \/>\n<meta property=\"article:modified_time\" content=\"2021-08-13T02:19:24+00:00\" \/>\n<meta property=\"og:image\" content=\"https:\/\/www.gardenpromenade.ca\/wp-content\/uploads\/2019\/05\/Feature-Gardens-1024x532.jpg\" \/>\n\t<meta property=\"og:image:width\" content=\"1024\" \/>\n\t<meta property=\"og:image:height\" content=\"532\" \/>\n<meta name=\"twitter:card\" content=\"summary_large_image\" \/>\n<meta name=\"twitter:site\" content=\"@gardenpromenade\" \/>\n<meta name=\"twitter:label1\" content=\"Dur\u00e9e de lecture est.\" \/>\n\t<meta name=\"twitter:data1\" content=\"16 minutes\" \/>\n<script type=\"application\/ld+json\" class=\"yoast-schema-graph\">{\"@context\":\"https:\/\/schema.org\",\"@graph\":[{\"@type\":\"WebSite\",\"@id\":\"https:\/\/www.gardenpromenade.ca\/#website\",\"url\":\"https:\/\/www.gardenpromenade.ca\/\",\"name\":\"Garden Promenade\",\"description\":\"Explore Ottawa-Gatineau&#039;s Gardens\",\"potentialAction\":[{\"@type\":\"SearchAction\",\"target\":{\"@type\":\"EntryPoint\",\"urlTemplate\":\"https:\/\/www.gardenpromenade.ca\/?s={search_term_string}\"},\"query-input\":\"required name=search_term_string\"}],\"inLanguage\":\"fr-FR\"},{\"@type\":\"ImageObject\",\"@id\":\"https:\/\/www.gardenpromenade.ca\/fr\/gardens\/feature-gardens\/#primaryimage\",\"inLanguage\":\"fr-FR\",\"url\":\"https:\/\/www.gardenpromenade.ca\/wp-content\/uploads\/2019\/05\/Feature-Gardens-1024x532.jpg\",\"contentUrl\":\"https:\/\/www.gardenpromenade.ca\/wp-content\/uploads\/2019\/05\/Feature-Gardens-1024x532.jpg\",\"width\":1024,\"height\":532},{\"@type\":\"WebPage\",\"@id\":\"https:\/\/www.gardenpromenade.ca\/fr\/gardens\/feature-gardens\/#webpage\",\"url\":\"https:\/\/www.gardenpromenade.ca\/fr\/gardens\/feature-gardens\/\",\"name\":\"Jardins vedettes &ndash; Garden Promenade\",\"isPartOf\":{\"@id\":\"https:\/\/www.gardenpromenade.ca\/#website\"},\"primaryImageOfPage\":{\"@id\":\"https:\/\/www.gardenpromenade.ca\/fr\/gardens\/feature-gardens\/#primaryimage\"},\"datePublished\":\"2019-05-28T03:44:35+00:00\",\"dateModified\":\"2021-08-13T02:19:24+00:00\",\"breadcrumb\":{\"@id\":\"https:\/\/www.gardenpromenade.ca\/fr\/gardens\/feature-gardens\/#breadcrumb\"},\"inLanguage\":\"fr-FR\",\"potentialAction\":[{\"@type\":\"ReadAction\",\"target\":[\"https:\/\/www.gardenpromenade.ca\/fr\/gardens\/feature-gardens\/\"]}]},{\"@type\":\"BreadcrumbList\",\"@id\":\"https:\/\/www.gardenpromenade.ca\/fr\/gardens\/feature-gardens\/#breadcrumb\",\"itemListElement\":[{\"@type\":\"ListItem\",\"position\":1,\"name\":\"Home\",\"item\":\"https:\/\/www.gardenpromenade.ca\/fr\/\"},{\"@type\":\"ListItem\",\"position\":2,\"name\":\"Jardins vedettes\"}]}]}<\/script>\n<!-- \/ Yoast SEO plugin. -->","yoast_head_json":{"title":"Jardins vedettes &ndash; Garden Promenade","robots":{"index":"index","follow":"follow","max-snippet":"max-snippet:-1","max-image-preview":"max-image-preview:large","max-video-preview":"max-video-preview:-1"},"canonical":"https:\/\/www.gardenpromenade.ca\/fr\/gardens\/feature-gardens\/","og_locale":"fr_FR","og_type":"article","og_title":"Jardins vedettes &ndash; Garden Promenade","og_description":"Le 50 SUSSEX JARDIN INTERNATIONAL DE LA PAIX Nom du jardin :\u00a0 Jardin international de la paix Lieu : 50, prom. Sussex, Ottawa Adresse : 50, prom. Sussex, Ottawa, ON K1M 2K1 Parcours Promenade des jardins : Parcours promenade Sussex Num\u00e9ro du jardin : 2 (1) Services aux visiteurs : Stationnement $ \u2013\u00a0 Toilettes, accessibles [&hellip;]","og_url":"https:\/\/www.gardenpromenade.ca\/fr\/gardens\/feature-gardens\/","og_site_name":"Garden Promenade","article_publisher":"https:\/\/www.facebook.com\/gardenpromenade\/","article_modified_time":"2021-08-13T02:19:24+00:00","og_image":[{"width":1024,"height":532,"url":"https:\/\/www.gardenpromenade.ca\/wp-content\/uploads\/2019\/05\/Feature-Gardens-1024x532.jpg","path":"\/home\/ourheali\/public_html\/gardenpromenade.ca\/wp-content\/uploads\/2019\/05\/Feature-Gardens-1024x532.jpg","size":"full","id":1114,"alt":"","pixels":544768,"type":"image\/jpeg"}],"twitter_card":"summary_large_image","twitter_site":"@gardenpromenade","twitter_misc":{"Dur\u00e9e de lecture est.":"16 minutes"},"schema":{"@context":"https:\/\/schema.org","@graph":[{"@type":"WebSite","@id":"https:\/\/www.gardenpromenade.ca\/#website","url":"https:\/\/www.gardenpromenade.ca\/","name":"Garden Promenade","description":"Explore Ottawa-Gatineau&#039;s Gardens","potentialAction":[{"@type":"SearchAction","target":{"@type":"EntryPoint","urlTemplate":"https:\/\/www.gardenpromenade.ca\/?s={search_term_string}"},"query-input":"required name=search_term_string"}],"inLanguage":"fr-FR"},{"@type":"ImageObject","@id":"https:\/\/www.gardenpromenade.ca\/fr\/gardens\/feature-gardens\/#primaryimage","inLanguage":"fr-FR","url":"https:\/\/www.gardenpromenade.ca\/wp-content\/uploads\/2019\/05\/Feature-Gardens-1024x532.jpg","contentUrl":"https:\/\/www.gardenpromenade.ca\/wp-content\/uploads\/2019\/05\/Feature-Gardens-1024x532.jpg","width":1024,"height":532},{"@type":"WebPage","@id":"https:\/\/www.gardenpromenade.ca\/fr\/gardens\/feature-gardens\/#webpage","url":"https:\/\/www.gardenpromenade.ca\/fr\/gardens\/feature-gardens\/","name":"Jardins vedettes &ndash; Garden Promenade","isPartOf":{"@id":"https:\/\/www.gardenpromenade.ca\/#website"},"primaryImageOfPage":{"@id":"https:\/\/www.gardenpromenade.ca\/fr\/gardens\/feature-gardens\/#primaryimage"},"datePublished":"2019-05-28T03:44:35+00:00","dateModified":"2021-08-13T02:19:24+00:00","breadcrumb":{"@id":"https:\/\/www.gardenpromenade.ca\/fr\/gardens\/feature-gardens\/#breadcrumb"},"inLanguage":"fr-FR","potentialAction":[{"@type":"ReadAction","target":["https:\/\/www.gardenpromenade.ca\/fr\/gardens\/feature-gardens\/"]}]},{"@type":"BreadcrumbList","@id":"https:\/\/www.gardenpromenade.ca\/fr\/gardens\/feature-gardens\/#breadcrumb","itemListElement":[{"@type":"ListItem","position":1,"name":"Home","item":"https:\/\/www.gardenpromenade.ca\/fr\/"},{"@type":"ListItem","position":2,"name":"Jardins vedettes"}]}]}},"_links":{"self":[{"href":"https:\/\/www.gardenpromenade.ca\/fr\/wp-json\/wp\/v2\/gardens\/2968"}],"collection":[{"href":"https:\/\/www.gardenpromenade.ca\/fr\/wp-json\/wp\/v2\/gardens"}],"about":[{"href":"https:\/\/www.gardenpromenade.ca\/fr\/wp-json\/wp\/v2\/types\/gardens"}],"wp:featuredmedia":[{"embeddable":true,"href":"https:\/\/www.gardenpromenade.ca\/fr\/wp-json\/wp\/v2\/media\/1114"}],"wp:attachment":[{"href":"https:\/\/www.gardenpromenade.ca\/fr\/wp-json\/wp\/v2\/media?parent=2968"}],"wp:term":[{"taxonomy":"category","embeddable":true,"href":"https:\/\/www.gardenpromenade.ca\/fr\/wp-json\/wp\/v2\/categories?post=2968"}],"curies":[{"name":"wp","href":"https:\/\/api.w.org\/{rel}","templated":true}]}}